{"id":2342,"date":"2023-10-27T10:10:53","date_gmt":"2023-10-27T08:10:53","guid":{"rendered":"https:\/\/strahlgraindryers.com\/essiccatoio\/serie-biodry\/"},"modified":"2025-07-04T13:11:32","modified_gmt":"2025-07-04T11:11:32","slug":"serie-biodry","status":"publish","type":"essiccatoio","link":"https:\/\/strahlgraindryers.com\/es\/secadora\/serie-biodry\/","title":{"rendered":"Serie BIODRY"},"content":{"rendered":"<p>BIODRY es la serie dise\u00f1ada con un intercambiador de calor, ideal para el procesamiento de productos org\u00e1nicos. Gracias a un intercambiador especial de acero inoxidable, el aire de combusti\u00f3n no entra en contacto con el producto porque permanece separado del aire de secado. De esta forma, se preservan las cualidades organol\u00e9pticas y se evita cualquier tipo de contaminaci\u00f3n. La estructura de la caldera es compacta pero al mismo tiempo permite bajas emisiones a la atm\u00f3sfera y minimiza las p\u00e9rdidas de energ\u00eda t\u00e9rmica.<\/p>\n","protected":false},"excerpt":{"rendered":"<p>De la experiencia directa en el sector agr\u00edcola, nace esta l\u00ednea de secadores adecuados para el procesamiento de productos org\u00e1nicos<\/p>\n","protected":false},"author":1,"featured_media":2344,"template":"","meta":{"_acf_changed":false},"categories":[43],"class_list":["post-2342","essiccatoio","type-essiccatoio","status-publish","has-post-thumbnail","hentry","category-secadores-moviles"],"acf":[],"yoast_head":"<!-- This site is optimized with the Yoast SEO plugin v27.3 - https:\/\/yoast.com\/product\/yoast-seo-wordpress\/ -->\n<title>Serie BIODRY - Strahl<\/title>\n<meta name=\"description\" content=\"BIODRY es la serie dise\u00f1ada con un intercambiador de calor, ideal para el procesamiento de productos org\u00e1nicos\" \/>\n<meta name=\"robots\" content=\"index, follow, max-snippet:-1, max-image-preview:large, max-video-preview:-1\" \/>\n<link rel=\"canonical\" href=\"https:\/\/strahlgraindryers.com\/es\/secadora\/serie-biodry\/\" \/>\n<meta property=\"og:locale\" content=\"es_ES\" \/>\n<meta property=\"og:type\" content=\"article\" \/>\n<meta property=\"og:title\" content=\"Serie BIODRY - Strahl\" \/>\n<meta property=\"og:description\" content=\"BIODRY es la serie dise\u00f1ada con un intercambiador de calor, ideal para el procesamiento de productos org\u00e1nicos\" \/>\n<meta property=\"og:url\" content=\"https:\/\/strahlgraindryers.com\/es\/secadora\/serie-biodry\/\" \/>\n<meta property=\"og:site_name\" content=\"Strahl\" \/>\n<meta property=\"article:publisher\" content=\"https:\/\/www.linkedin.com\/company\/strahl-srl\/\" \/>\n<meta property=\"article:modified_time\" content=\"2025-07-04T11:11:32+00:00\" \/>\n<meta property=\"og:image\" content=\"https:\/\/strahlgraindryers.com\/wp-content\/uploads\/2023\/10\/biodry_1150_new_2.jpg\" \/>\n\t<meta property=\"og:image:width\" content=\"1024\" \/>\n\t<meta property=\"og:image:height\" content=\"1024\" \/>\n\t<meta property=\"og:image:type\" content=\"image\/jpeg\" \/>\n<meta name=\"twitter:card\" content=\"summary_large_image\" \/>\n<meta name=\"twitter:label1\" content=\"Tiempo de lectura\" \/>\n\t<meta name=\"twitter:data1\" content=\"1 minuto\" \/>\n<script type=\"application\/ld+json\" class=\"yoast-schema-graph\">{\"@context\":\"https:\\\/\\\/schema.org\",\"@graph\":[{\"@type\":\"WebPage\",\"@id\":\"https:\\\/\\\/strahlgraindryers.com\\\/es\\\/secadora\\\/serie-biodry\\\/\",\"url\":\"https:\\\/\\\/strahlgraindryers.com\\\/es\\\/secadora\\\/serie-biodry\\\/\",\"name\":\"Serie BIODRY - Strahl\",\"isPartOf\":{\"@id\":\"https:\\\/\\\/strahlgraindryers.com\\\/es\\\/#website\"},\"primaryImageOfPage\":{\"@id\":\"https:\\\/\\\/strahlgraindryers.com\\\/es\\\/secadora\\\/serie-biodry\\\/#primaryimage\"},\"image\":{\"@id\":\"https:\\\/\\\/strahlgraindryers.com\\\/es\\\/secadora\\\/serie-biodry\\\/#primaryimage\"},\"thumbnailUrl\":\"https:\\\/\\\/strahlgraindryers.com\\\/wp-content\\\/uploads\\\/2023\\\/10\\\/biodry_1150_new_2.jpg\",\"datePublished\":\"2023-10-27T08:10:53+00:00\",\"dateModified\":\"2025-07-04T11:11:32+00:00\",\"description\":\"BIODRY es la serie dise\u00f1ada con un intercambiador de calor, ideal para el procesamiento de productos org\u00e1nicos\",\"breadcrumb\":{\"@id\":\"https:\\\/\\\/strahlgraindryers.com\\\/es\\\/secadora\\\/serie-biodry\\\/#breadcrumb\"},\"inLanguage\":\"es\",\"potentialAction\":[{\"@type\":\"ReadAction\",\"target\":[\"https:\\\/\\\/strahlgraindryers.com\\\/es\\\/secadora\\\/serie-biodry\\\/\"]}]},{\"@type\":\"ImageObject\",\"inLanguage\":\"es\",\"@id\":\"https:\\\/\\\/strahlgraindryers.com\\\/es\\\/secadora\\\/serie-biodry\\\/#primaryimage\",\"url\":\"https:\\\/\\\/strahlgraindryers.com\\\/wp-content\\\/uploads\\\/2023\\\/10\\\/biodry_1150_new_2.jpg\",\"contentUrl\":\"https:\\\/\\\/strahlgraindryers.com\\\/wp-content\\\/uploads\\\/2023\\\/10\\\/biodry_1150_new_2.jpg\",\"width\":1024,\"height\":1024},{\"@type\":\"BreadcrumbList\",\"@id\":\"https:\\\/\\\/strahlgraindryers.com\\\/es\\\/secadora\\\/serie-biodry\\\/#breadcrumb\",\"itemListElement\":[{\"@type\":\"ListItem\",\"position\":1,\"name\":\"Home\",\"item\":\"https:\\\/\\\/strahlgraindryers.com\\\/es\\\/\"},{\"@type\":\"ListItem\",\"position\":2,\"name\":\"Serie BIODRY\"}]},{\"@type\":\"WebSite\",\"@id\":\"https:\\\/\\\/strahlgraindryers.com\\\/es\\\/#website\",\"url\":\"https:\\\/\\\/strahlgraindryers.com\\\/es\\\/\",\"name\":\"https:\\\/\\\/strahlgraindryers.com\\\/\",\"description\":\"Grain Dryers\",\"publisher\":{\"@id\":\"https:\\\/\\\/strahlgraindryers.com\\\/es\\\/#organization\"},\"potentialAction\":[{\"@type\":\"SearchAction\",\"target\":{\"@type\":\"EntryPoint\",\"urlTemplate\":\"https:\\\/\\\/strahlgraindryers.com\\\/es\\\/?s={search_term_string}\"},\"query-input\":{\"@type\":\"PropertyValueSpecification\",\"valueRequired\":true,\"valueName\":\"search_term_string\"}}],\"inLanguage\":\"es\"},{\"@type\":\"Organization\",\"@id\":\"https:\\\/\\\/strahlgraindryers.com\\\/es\\\/#organization\",\"name\":\"Strahl\",\"url\":\"https:\\\/\\\/strahlgraindryers.com\\\/es\\\/\",\"logo\":{\"@type\":\"ImageObject\",\"inLanguage\":\"es\",\"@id\":\"https:\\\/\\\/strahlgraindryers.com\\\/es\\\/#\\\/schema\\\/logo\\\/image\\\/\",\"url\":\"https:\\\/\\\/strahlgraindryers.com\\\/wp-content\\\/uploads\\\/2023\\\/11\\\/Strahl_logo.jpg\",\"contentUrl\":\"https:\\\/\\\/strahlgraindryers.com\\\/wp-content\\\/uploads\\\/2023\\\/11\\\/Strahl_logo.jpg\",\"width\":640,\"height\":140,\"caption\":\"Strahl\"},\"image\":{\"@id\":\"https:\\\/\\\/strahlgraindryers.com\\\/es\\\/#\\\/schema\\\/logo\\\/image\\\/\"},\"sameAs\":[\"https:\\\/\\\/www.linkedin.com\\\/company\\\/strahl-srl\\\/\"]}]}<\/script>\n<!-- \/ Yoast SEO plugin. -->","yoast_head_json":{"title":"Serie BIODRY - Strahl","description":"BIODRY es la serie dise\u00f1ada con un intercambiador de calor, ideal para el procesamiento de productos org\u00e1nicos","robots":{"index":"index","follow":"follow","max-snippet":"max-snippet:-1","max-image-preview":"max-image-preview:large","max-video-preview":"max-video-preview:-1"},"canonical":"https:\/\/strahlgraindryers.com\/es\/secadora\/serie-biodry\/","og_locale":"es_ES","og_type":"article","og_title":"Serie BIODRY - Strahl","og_description":"BIODRY es la serie dise\u00f1ada con un intercambiador de calor, ideal para el procesamiento de productos org\u00e1nicos","og_url":"https:\/\/strahlgraindryers.com\/es\/secadora\/serie-biodry\/","og_site_name":"Strahl","article_publisher":"https:\/\/www.linkedin.com\/company\/strahl-srl\/","article_modified_time":"2025-07-04T11:11:32+00:00","og_image":[{"width":1024,"height":1024,"url":"https:\/\/strahlgraindryers.com\/wp-content\/uploads\/2023\/10\/biodry_1150_new_2.jpg","type":"image\/jpeg"}],"twitter_card":"summary_large_image","twitter_misc":{"Tiempo de lectura":"1 minuto"},"schema":{"@context":"https:\/\/schema.org","@graph":[{"@type":"WebPage","@id":"https:\/\/strahlgraindryers.com\/es\/secadora\/serie-biodry\/","url":"https:\/\/strahlgraindryers.com\/es\/secadora\/serie-biodry\/","name":"Serie BIODRY - Strahl","isPartOf":{"@id":"https:\/\/strahlgraindryers.com\/es\/#website"},"primaryImageOfPage":{"@id":"https:\/\/strahlgraindryers.com\/es\/secadora\/serie-biodry\/#primaryimage"},"image":{"@id":"https:\/\/strahlgraindryers.com\/es\/secadora\/serie-biodry\/#primaryimage"},"thumbnailUrl":"https:\/\/strahlgraindryers.com\/wp-content\/uploads\/2023\/10\/biodry_1150_new_2.jpg","datePublished":"2023-10-27T08:10:53+00:00","dateModified":"2025-07-04T11:11:32+00:00","description":"BIODRY es la serie dise\u00f1ada con un intercambiador de calor, ideal para el procesamiento de productos org\u00e1nicos","breadcrumb":{"@id":"https:\/\/strahlgraindryers.com\/es\/secadora\/serie-biodry\/#breadcrumb"},"inLanguage":"es","potentialAction":[{"@type":"ReadAction","target":["https:\/\/strahlgraindryers.com\/es\/secadora\/serie-biodry\/"]}]},{"@type":"ImageObject","inLanguage":"es","@id":"https:\/\/strahlgraindryers.com\/es\/secadora\/serie-biodry\/#primaryimage","url":"https:\/\/strahlgraindryers.com\/wp-content\/uploads\/2023\/10\/biodry_1150_new_2.jpg","contentUrl":"https:\/\/strahlgraindryers.com\/wp-content\/uploads\/2023\/10\/biodry_1150_new_2.jpg","width":1024,"height":1024},{"@type":"BreadcrumbList","@id":"https:\/\/strahlgraindryers.com\/es\/secadora\/serie-biodry\/#breadcrumb","itemListElement":[{"@type":"ListItem","position":1,"name":"Home","item":"https:\/\/strahlgraindryers.com\/es\/"},{"@type":"ListItem","position":2,"name":"Serie BIODRY"}]},{"@type":"WebSite","@id":"https:\/\/strahlgraindryers.com\/es\/#website","url":"https:\/\/strahlgraindryers.com\/es\/","name":"https:\/\/strahlgraindryers.com\/","description":"Grain Dryers","publisher":{"@id":"https:\/\/strahlgraindryers.com\/es\/#organization"},"potentialAction":[{"@type":"SearchAction","target":{"@type":"EntryPoint","urlTemplate":"https:\/\/strahlgraindryers.com\/es\/?s={search_term_string}"},"query-input":{"@type":"PropertyValueSpecification","valueRequired":true,"valueName":"search_term_string"}}],"inLanguage":"es"},{"@type":"Organization","@id":"https:\/\/strahlgraindryers.com\/es\/#organization","name":"Strahl","url":"https:\/\/strahlgraindryers.com\/es\/","logo":{"@type":"ImageObject","inLanguage":"es","@id":"https:\/\/strahlgraindryers.com\/es\/#\/schema\/logo\/image\/","url":"https:\/\/strahlgraindryers.com\/wp-content\/uploads\/2023\/11\/Strahl_logo.jpg","contentUrl":"https:\/\/strahlgraindryers.com\/wp-content\/uploads\/2023\/11\/Strahl_logo.jpg","width":640,"height":140,"caption":"Strahl"},"image":{"@id":"https:\/\/strahlgraindryers.com\/es\/#\/schema\/logo\/image\/"},"sameAs":["https:\/\/www.linkedin.com\/company\/strahl-srl\/"]}]}},"_links":{"self":[{"href":"https:\/\/strahlgraindryers.com\/es\/wp-json\/wp\/v2\/essiccatoio\/2342","targetHints":{"allow":["GET"]}}],"collection":[{"href":"https:\/\/strahlgraindryers.com\/es\/wp-json\/wp\/v2\/essiccatoio"}],"about":[{"href":"https:\/\/strahlgraindryers.com\/es\/wp-json\/wp\/v2\/types\/essiccatoio"}],"author":[{"embeddable":true,"href":"https:\/\/strahlgraindryers.com\/es\/wp-json\/wp\/v2\/users\/1"}],"wp:featuredmedia":[{"embeddable":true,"href":"https:\/\/strahlgraindryers.com\/es\/wp-json\/wp\/v2\/media\/2344"}],"wp:attachment":[{"href":"https:\/\/strahlgraindryers.com\/es\/wp-json\/wp\/v2\/media?parent=2342"}],"wp:term":[{"taxonomy":"category","embeddable":true,"href":"https:\/\/strahlgraindryers.com\/es\/wp-json\/wp\/v2\/categories?post=2342"}],"curies":[{"name":"wp","href":"https:\/\/api.w.org\/{rel}","templated":true}]}}